{"id":401,"date":"2012-10-27T12:54:23","date_gmt":"2012-10-27T10:54:23","guid":{"rendered":"https:\/\/www.ptmyk.pl\/?page_id=401"},"modified":"2026-02-03T15:33:00","modified_gmt":"2026-02-03T14:33:00","slug":"protokoly","status":"publish","type":"page","link":"https:\/\/www.ptmyk.pl\/?page_id=401","title":{"rendered":"Protoko\u0142y"},"content":{"rendered":"<p>1) <a href=\"https:\/\/www.ptmyk.pl\/wp-content\/uploads\/2012\/10\/protokol_1.3.2012.pdf\" target=\"_blank\" rel=\"noopener noreferrer\">Protok\u00f3\u0142 z zebrania cz\u0142onk\u00f3w Polskiego Towarzystwa Mykologicznego w dniu 01.03.2012<\/a><\/p>\n<p>2)<a href=\"https:\/\/www.ptmyk.pl\/wp-content\/uploads\/2012\/10\/protokol-15-maj-2012.jpg\" target=\"_blank\" rel=\"noopener noreferrer\"> Protok\u00f3\u0142 z zebrania za\u0142o\u017cycieli stowarzyszenia o nazwie Polskie Towarzystwo Mykologiczne w dniu 15.05.2012<\/a><\/p>\n<p>3) <a href=\"https:\/\/www.ptmyk.pl\/wp-content\/uploads\/2012\/10\/protokol_28-19.8.2012.pdf\" target=\"_blank\" rel=\"noopener noreferrer\">Protok\u00f3\u0142 z zebrania cz\u0142onk\u00f3w Polskiego Towarzystwa Mykologicznego w dniach 28-29.08.2012<\/a><\/p>\n<p>4) <a href=\"https:\/\/www.ptmyk.pl\/wp-content\/uploads\/2020\/06\/protok\u00f3\u0142_23.10.2012.doc\" target=\"_blank\" rel=\"noopener noreferrer\">Protok\u00f3\u0142 z posiedzenia Zarz\u0105du Polskiego Towarzystwa Mykologicznego w dniu 23.10.2012<\/a><\/p>\n<p>5) <a href=\"https:\/\/www.ptmyk.pl\/wp-content\/uploads\/2020\/06\/protok\u00f3\u0142_12.11.2012.docx\" target=\"_blank\" rel=\"noopener noreferrer\">Protok\u00f3\u0142 z posiedzenia Zarz\u0105du Polskiego Towarzystwa Mykologicznego w dniu 12.11.2012<\/a><\/p>\n<p>6)<a href=\"https:\/\/www.ptmyk.pl\/wp-content\/uploads\/2020\/06\/protok\u00f3\u0142_WZ_17.11.12_OSTATECZNY.pdf\" target=\"_blank\" rel=\"noopener noreferrer\"> Protok\u00f3\u0142 z Walnego Zgromadzenia cz\u0142onk\u00f3w Polskiego Towarzystwa Mykologicznego w dniu 17.11.2012<\/a><\/p>\n<p>7 ) <a href=\"https:\/\/www.ptmyk.pl\/wp-content\/uploads\/2020\/06\/protok\u00f3\u0142_15_12_2012.pdf\" target=\"_blank\" rel=\"noopener noreferrer\">Protok\u00f3\u0142 z posiedzenia Zarz\u0105du Polskiego Towarzystwa Mykologicznego w dniu 15.12.2012<\/a><\/p>\n<p>8) <a href=\"https:\/\/www.ptmyk.pl\/wp-content\/uploads\/2020\/06\/protok\u00f3\u0142_26_08_2013.pdf\" target=\"_blank\" rel=\"noopener noreferrer\">Protok\u00f3\u0142 z posiedzenia Zarz\u0105du Polskiego Towarzystwa Mykologicznego w dniu 26.08.2013<\/a><\/p>\n<p>9) <a href=\"https:\/\/www.ptmyk.pl\/wp-content\/uploads\/2020\/06\/protok\u00f3\u0142_14.12.2013.pdf\" target=\"_blank\" rel=\"noopener noreferrer\">Skr\u00f3cony protok\u00f3\u0142 z posiedzenia Zarz\u0105du Polskiego Towarzystwa Mykologicznego w dniu 14.12.2013<\/a><\/p>\n<p>10) <a href=\"https:\/\/www.ptmyk.pl\/wp-content\/uploads\/2020\/06\/protok\u00f3\u0142-z-posiedzenia-zarz\u0105du-23.9.14.pdf\" target=\"_blank\" rel=\"noopener noreferrer\">Protok\u00f3\u0142 z posiedzenia Zarz\u0105du Polskiego Towarzystwa Mykologicznego w dniu 23.09.2014<\/a><\/p>\n<p>11) <a href=\"https:\/\/www.ptmyk.pl\/wp-content\/uploads\/2020\/06\/protok\u00f3\u0142_WZ_23.09.2014.pdf\" target=\"_blank\" rel=\"noopener noreferrer\">Protok\u00f3\u0142 z Walnego Zgromadzenia cz\u0142onk\u00f3w Polskiego Towarzystwa Mykologicznego w dniu 23.09.2014<\/a><\/p>\n<p>12) <a href=\"https:\/\/www.ptmyk.pl\/wp-content\/uploads\/2020\/06\/protok\u00f3\u0142_19_08_2015.pdf\" target=\"_blank\" rel=\"noopener noreferrer\">Protok\u00f3\u0142 z posiedzenia Zarz\u0105du Polskiego Towarzystwa Mykologicznego w dniu 19.08.2015<\/a><\/p>\n<p>13) <a href=\"https:\/\/www.ptmyk.pl\/wp-content\/uploads\/2020\/06\/protok\u00f3\u0142_10.11.2016.pdf\" target=\"_blank\" rel=\"noopener noreferrer\">Protok\u00f3\u0142 z posiedzenia Zarz\u0105du Polskiego Towarzystwa Mykologicznego w dniu 10.11.2016<\/a><\/p>\n<p>14) <a href=\"https:\/\/www.ptmyk.pl\/wp-content\/uploads\/2020\/06\/protok\u00f3\u0142_WZ_19.11.2016.pdf\" target=\"_blank\" rel=\"noopener noreferrer\">Protok\u00f3\u0142 z Walnego Zgromadzenia cz\u0142onk\u00f3w Polskiego Towarzystwa Mykologicznego w dniu 19.11.2016<\/a><\/p>\n<p>15) <a href=\"https:\/\/www.ptmyk.pl\/wp-content\/uploads\/2020\/06\/protok\u00f3\u0142_20.12.2016.pdf\" target=\"_blank\" rel=\"noopener noreferrer\">Protok\u00f3\u0142 z posiedzenia Zarz\u0105du Polskiego Towarzystwa Mykologicznego w dniu 20.12.2016<\/a><\/p>\n<p>16) <a href=\"https:\/\/www.ptmyk.pl\/wp-content\/uploads\/2020\/06\/protok\u00f3\u0142_31.01.2017.pdf\" target=\"_blank\" rel=\"noopener noreferrer\">Protok\u00f3\u0142 z posiedzenia Zarz\u0105du Polskiego Towarzystwa Mykologicznego w dniu 31.01.2017<\/a><\/p>\n<p>17) <a href=\"https:\/\/www.ptmyk.pl\/wp-content\/uploads\/2020\/06\/protok\u00f3\u0142_19.04.2017.pdf\" target=\"_blank\" rel=\"noopener noreferrer\">Protok\u00f3\u0142 z posiedzenia Zarz\u0105du Polskiego Towarzystwa Mykologicznego w dniu 19.04.2017<\/a><\/p>\n<p>18) <a href=\"https:\/\/www.ptmyk.pl\/wp-content\/uploads\/2020\/06\/protok\u00f3\u014214.05.2018.pdf\" target=\"_blank\" rel=\"noopener noreferrer\">Protok\u00f3\u0142 z posiedzenia Zarz\u0105du Polskiego Towarzystwa Mykologicznego w dniu 14.05.2018<\/a><\/p>\n<p><a href=\"https:\/\/www.ptmyk.pl\/wp-content\/uploads\/2018\/12\/protok\u00f3\u0142_8.12.2018.pdf\" target=\"_blank\" rel=\"noopener noreferrer\">19) Protok\u00f3\u0142 z posiedzenia Zarz\u0105du Polskiego Towarzystwa Mykologicznego w dniu 8.12.2018<\/a><\/p>\n<p>20) <a href=\"https:\/\/www.ptmyk.pl\/wp-content\/uploads\/2020\/11\/protok\u00f3\u0142_28.2.2020.pdf\" target=\"_blank\" rel=\"noopener noreferrer\">Protok\u00f3\u0142 z posiedzenia Zarz\u0105du Polskiego Towarzystwa Mykologicznego 28.2.2020<\/a><\/p>\n<p>21) <a href=\"https:\/\/www.ptmyk.pl\/wp-content\/uploads\/2020\/11\/protok\u00f3\u0142_Zarz\u0105d_10.11.2020-1.pdf\" target=\"_blank\" rel=\"noopener noreferrer\">Protok\u00f3\u0142 z posiedzenia Zarz\u0105du Polskiego Towarzystwa Mykologicznego 10.11.2020<\/a><\/p>\n<p>22)<a href=\"https:\/\/www.ptmyk.pl\/wp-content\/uploads\/2020\/11\/protok\u00f3\u0142_Zarz\u0105d_21.11.2020.pdf\" target=\"_blank\" rel=\"noopener noreferrer\"> Protok\u00f3\u0142 z posiedzenia Zarz\u0105du Polskiego Towarzystwa Mykologicznego 21.11.2020<\/a><\/p>\n<p>23) <a href=\"https:\/\/www.ptmyk.pl\/wp-content\/uploads\/2020\/12\/protok\u00f3\u0142_Zarz\u0105d_03.12.2020.pdf\" target=\"_blank\" rel=\"noopener noreferrer\">Protok\u00f3\u0142 z posiedzenia Zarz\u0105du Polskiego Towarzystwa Mykologicznego 3.12.2020<\/a><\/p>\n<p>24) <a href=\"https:\/\/www.ptmyk.pl\/wp-content\/uploads\/2020\/12\/protok\u00f3\u0142_WalnePTMyk_05-12-2020.pdf\" target=\"_blank\" rel=\"noopener noreferrer\">Protok\u00f3\u0142 z Walnego Zgromadzenia Cz\u0142onk\u00f3w Polskiego Towarzystwa Mykologicznego 5.12.2020<\/a><\/p>\n<p>25) <a href=\"https:\/\/www.ptmyk.pl\/wp-content\/uploads\/2020\/12\/protok\u00f3\u0142_Zarz\u0105d_10.12.2020.pdf\" target=\"_blank\" rel=\"noopener noreferrer\">Protok\u00f3\u0142 z posiedzenia Zarz\u0105du Polskiego Towarzystwa Mykologicznego 10.12.2020<\/a><\/p>\n\n\n<p>26) <a href=\"https:\/\/www.ptmyk.pl\/wp-content\/uploads\/2021\/01\/protok\u00f3\u0142_Zarz\u0105d_29.12.2020_p.pdf\">Protok\u00f3\u0142 z posiedzenia Zarz\u0105du Polskiego Towarzystwa Mykologicznego 29.12.2020<\/a><\/p>\n\n\n\n<p>27) <a href=\"https:\/\/www.ptmyk.pl\/wp-content\/uploads\/2021\/02\/protok\u00f3\u0142-04.02.2021_p.pdf\">Protok\u00f3\u0142 z posiedzenia Zarz\u0105du Polskiego Towarzystwa Mykologicznego 04.02.2021<\/a><\/p>\n\n\n\n<p>28) <a href=\"https:\/\/www.ptmyk.pl\/wp-content\/uploads\/2021\/03\/protok\u00f3\u0142-15.03.2021-pdf.pdf\">Protok\u00f3\u0142 z posiedzenia Zarz\u0105du Polskiego Towarzystwa Mykologicznego 15.03.2021<\/a><\/p>\n\n\n\n<p>29)<a href=\"https:\/\/www.ptmyk.pl\/wp-content\/uploads\/2021\/05\/protokol-14.04.2021r.pdf\" data-type=\"URL\" data-id=\"https:\/\/www.ptmyk.pl\/wp-content\/uploads\/2021\/05\/protokol-14.04.2021r.pdf\"> Protok\u00f3\u0142 z posiedzenia Zarz\u0105du Polskiego Towarzystwa Mykologicznego 14.04.2021<\/a><\/p>\n\n\n\n<p>30)<a href=\"https:\/\/www.ptmyk.pl\/wp-content\/uploads\/2021\/06\/10.05.2021_protokol.pdf\"> <\/a><a href=\"https:\/\/www.ptmyk.pl\/wp-content\/uploads\/2022\/03\/protokol-10.05.2021.pdf\" data-type=\"URL\" data-id=\"https:\/\/www.ptmyk.pl\/wp-content\/uploads\/2022\/03\/protokol-10.05.2021.pdf\">Protok\u00f3\u0142 z posiedzenia Zarz\u0105du Polskiego Towarzystwa Mykologicznego w poszerzonym sk\u0142adzie 10.05.2021<\/a><\/p>\n\n\n\n<p>31) <a href=\"https:\/\/www.ptmyk.pl\/wp-content\/uploads\/2021\/08\/protokol-14.06.2021r.pdf\">Protok\u00f3\u0142 z posiedzenia Zarz\u0105du Polskiego Towarzystwa Mykologicznego 14.06.2021<\/a><\/p>\n\n\n\n<p>32) <a href=\"https:\/\/www.ptmyk.pl\/wp-content\/uploads\/2021\/08\/protokol-13.07.2021.pdf\" data-type=\"URL\" data-id=\"https:\/\/www.ptmyk.pl\/wp-content\/uploads\/2021\/08\/protokol-13.07.2021.pdf\">Protok\u00f3\u0142 z posiedzenia Zarz\u0105du Polskiego Towarzystwa Mykologicznego 13.07.2021<\/a><\/p>\n\n\n\n<p>33) <a href=\"https:\/\/www.ptmyk.pl\/wp-content\/uploads\/2021\/11\/protokol-01.09.2021.pdf\">Protok\u00f3\u0142 z posiedzenia Zarz\u0105du Polskiego Towarzystwa Mykologicznego 01.09.2021<\/a><\/p>\n\n\n\n<p>34) <a href=\"https:\/\/www.ptmyk.pl\/wp-content\/uploads\/2022\/01\/20.12.2021.pdf\" data-type=\"URL\" data-id=\"https:\/\/www.ptmyk.pl\/wp-content\/uploads\/2022\/01\/20.12.2021.pdf\">Protok\u00f3\u0142 z posiedzenia Zarz\u0105du Polskiego Towarzystwa Mykologicznego 20.12.2021<\/a><\/p>\n\n\n\n<p>35) <a href=\"https:\/\/www.ptmyk.pl\/wp-content\/uploads\/2022\/02\/protokol_Zarzad_27.01.2022.pdf\">Protok\u00f3\u0142 z posiedzenia Zarz\u0105du Polskiego Towarzystwa Mykologicznego 27.01.2022<\/a><\/p>\n\n\n\n<p>36) <a href=\"https:\/\/www.ptmyk.pl\/wp-content\/uploads\/2022\/06\/protokol_Zarzad_09.03.2022.pdf\" data-type=\"URL\" data-id=\"https:\/\/www.ptmyk.pl\/wp-content\/uploads\/2022\/06\/protokol_Zarzad_09.03.2022.pdf\">Protok\u00f3\u0142 z posiedzenia Zarz\u0105du Polskiego Towarzystwa Mykologicznego 09.03.2022<\/a><\/p>\n\n\n\n<p>37) <a href=\"https:\/\/www.ptmyk.pl\/wp-content\/uploads\/2022\/09\/protokol_Zarzad_28.06.2022.pdf\">Protok\u00f3\u0142 z posiedzenia Zarz\u0105du Polskiego Towarzystwa Mykologicznego 28.06.2022<\/a><\/p>\n\n\n\n<p>38)<a href=\"https:\/\/www.ptmyk.pl\/wp-content\/uploads\/2022\/09\/protokol_Zarzad_29.08.2022.pdf\"> Protok\u00f3\u0142 z posiedzenia Zarz\u0105du Polskiego Towarzystwa Mykologicznego 29.08.2022<\/a><\/p>\n\n\n\n<p>39) <a href=\"https:\/\/www.ptmyk.pl\/wp-content\/uploads\/2022\/10\/protokol_Zarzad_27.09.2022.pdf\">Protok\u00f3\u0142 z posiedzenia Zarz\u0105du Polskiego Towarzystwa Mykologicznego 27.09.2022<\/a><\/p>\n\n\n\n<p>40) <a href=\"https:\/\/www.ptmyk.pl\/wp-content\/uploads\/2024\/03\/PTMyk_Walne_28.09.2022_.pdf\">Protok\u00f3\u0142 z Walnego Zgromadzenia Cz\u0142onk\u00f3w Polskiego Towarzystwa Mykologicznego 28.09.2022<\/a><\/p>\n\n\n\n<p>41) <a href=\"https:\/\/www.ptmyk.pl\/wp-content\/uploads\/2022\/12\/protokol_Zarzad_25.10.2022.pdf\">Protok\u00f3\u0142 z posiedzenia Zarz\u0105du Polskiego Towarzystwa Mykologicznego 25.10.2022<\/a><\/p>\n\n\n\n<p>42)<a href=\"https:\/\/www.ptmyk.pl\/wp-content\/uploads\/2022\/12\/protokol-zebrania-07.12.2022.pdf\"> Protok\u00f3\u0142 z posiedzenia Zarz\u0105du Polskiego Towarzystwa Mykologicznego 07.12.2022<\/a><\/p>\n\n\n\n<p>43) <a href=\"https:\/\/www.ptmyk.pl\/wp-content\/uploads\/2024\/03\/protokol-zebrania-21.03.2023-1.pdf\">Protok\u00f3\u0142 z posiedzenia Zarz\u0105du Polskiego Towarzystwa Mykologicznego 21.03.2023<\/a><\/p>\n\n\n\n<p>44) <a href=\"https:\/\/www.ptmyk.pl\/wp-content\/uploads\/2024\/03\/protokol-zebrania-25.04.2023.pdf\">Protok\u00f3\u0142 z posiedzenia Zarz\u0105du Polskiego Towarzystwa Mykologicznego 25.04.2023<\/a><\/p>\n\n\n\n<p>45) <a href=\"https:\/\/www.ptmyk.pl\/wp-content\/uploads\/2024\/03\/protokol-zebrania-31.05.2023.pdf\">Protok\u00f3\u0142 z posiedzenia Zarz\u0105du Polskiego Towarzystwa Mykologicznego 31.05.2023<\/a><\/p>\n\n\n\n<p>46) <a href=\"https:\/\/www.ptmyk.pl\/wp-content\/uploads\/2024\/03\/protokol-2023.10.30.pdf\">Protok\u00f3\u0142 z posiedzenia Zarz\u0105du Polskiego Towarzystwa Mykologicznego 30.10.2023<\/a><\/p>\n\n\n\n<p>47) <a href=\"https:\/\/www.ptmyk.pl\/wp-content\/uploads\/2024\/03\/2024.01.11.pdf\">Protok\u00f3\u0142 z posiedzenia Zarz\u0105du Polskiego Towarzystwa Mykologicznego 11.01.2024<\/a><\/p>\n\n\n\n<p>48) <a href=\"https:\/\/www.ptmyk.pl\/wp-content\/uploads\/2024\/05\/28.02.2024.pdf\" data-type=\"URL\" data-id=\"https:\/\/www.ptmyk.pl\/wp-content\/uploads\/2024\/05\/28.02.2024.pdf\">Protok\u00f3\u0142 z posiedzenia Zarz\u0105du Polskiego Towarzystwa Mykologicznego 28.02.2024<\/a><\/p>\n\n\n\n<p>49) <a href=\"https:\/\/www.ptmyk.pl\/wp-content\/uploads\/2024\/09\/2024.05.07-4.pdf\" data-type=\"URL\" data-id=\"https:\/\/www.ptmyk.pl\/wp-content\/uploads\/2024\/09\/2024.05.07-4.pdf\">Protok\u00f3\u0142 z posiedzenia Zarz\u0105du Polskiego Towarzystwa Mykologicznego 07.05.2024<\/a><\/p>\n\n\n\n<p>50) <a href=\"https:\/\/www.ptmyk.pl\/wp-content\/uploads\/2024\/09\/Protokol-15.07.2024r.-3.pdf\">Protok\u00f3\u0142 z posiedzenia Zarz\u0105du Polskiego Towarzystwa Mykologicznego 15.07.2024<\/a><\/p>\n\n\n\n<p>51) <a href=\"https:\/\/www.ptmyk.pl\/wp-content\/uploads\/2024\/09\/15.09.2024.pdf\" data-type=\"URL\" data-id=\"https:\/\/www.ptmyk.pl\/wp-content\/uploads\/2024\/09\/15.09.2024.pdf\">Protok\u00f3\u0142 z posiedzenia Zarz\u0105du Polskiego Towarzystwa Mykologicznego 15.09.2024<\/a><\/p>\n\n\n\n<p>52) <a href=\"https:\/\/www.ptmyk.pl\/wp-content\/uploads\/2024\/09\/20.09.2024.pdf\" data-type=\"URL\" data-id=\"https:\/\/www.ptmyk.pl\/wp-content\/uploads\/2024\/09\/20.09.2024.pdf\">Protok\u00f3\u0142 z posiedzenia Zarz\u0105du Polskiego Towarzystwa Mykologicznego 20.09.2024<\/a><\/p>\n\n\n\n<p><a href=\"https:\/\/www.ptmyk.pl\/wp-content\/uploads\/2024\/11\/Protokol-z-posiedzenia-Zarzadu-Polskiego-Towarzystwa-Mykologicznego-03.10.2024.pdf\" data-type=\"URL\" data-id=\"https:\/\/www.ptmyk.pl\/wp-content\/uploads\/2024\/11\/Protokol-z-posiedzenia-Zarzadu-Polskiego-Towarzystwa-Mykologicznego-03.10.2024.pdf\">53) Protok\u00f3\u0142 z posiedzenia Zarz\u0105du Polskiego Towarzystwa Mykologicznego 03.10.2024<\/a><\/p>\n\n\n\n<p>54) Protok\u00f3\u0142 z posiedzenia Zarz\u0105du Polskiego Towarzystwa Mykologicznego 28.01.2025<\/p>\n\n\n\n<p>55) Protok\u00f3\u0142 z posiedzenia Zarz\u0105du Polskiego Towarzystwa Mykologicznego 17.02.2025<\/p>\n\n\n\n<p>56) Protok\u00f3\u0142 z posiedzenia Zarz\u0105du Polskiego Towarzystwa Mykologicznego 12.05.2025<\/p>\n\n\n\n<p>57) Protok\u00f3\u0142 z posiedzenia Zarz\u0105du Polskiego Towarzystwa Mykologicznego 15.05.2025<\/p>\n\n\n\n<p>58) Protok\u00f3\u0142 z posiedzenia Zarz\u0105du Polskiego Towarzystwa Mykologicznego 01.07.2025<\/p>\n\n\n\n<p>59) Protok\u00f3\u0142 z posiedzenia Zarz\u0105du Polskiego Towarzystwa Mykologicznego 13.10.2025<\/p>\n\n\n\n<p>60) Protok\u00f3\u0142 z posiedzenia Zarz\u0105du Polskiego Towarzystwa Mykologicznego 05.11.2025<\/p>\n\n\n\n<p>61) Protok\u00f3\u0142 z posiedzenia Zarz\u0105du Polskiego Towarzystwa Mykologicznego 02.12.2025<\/p>\n\n\n\n<p>62) Protok\u00f3\u0142 z posiedzenia Zarz\u0105du Polskiego Towarzystwa Mykologicznego 15.12.2025<\/p>\n\n\n\n<p>63) Protok\u00f3\u0142 z posiedzenia Zarz\u0105du Polskiego Towarzystwa Mykologicznego 22.12.2025<\/p>\n\n\n\n<p>64) Protok\u00f3\u0142 z posiedzenia Zarz\u0105du Polskiego Towarzystwa Mykologicznego 15.01.2026<\/p>\n","protected":false},"excerpt":{"rendered":"<p>1) Protok\u00f3\u0142 z zebrania cz\u0142onk\u00f3w Polskiego Towarzystwa Mykologicznego w dniu 01.03.2012 2) Protok\u00f3\u0142 z zebrania za\u0142o\u017cycieli stowarzyszenia o nazwie Polskie Towarzystwo Mykologiczne w dniu 15.05.2012 3) Protok\u00f3\u0142 z zebrania cz\u0142onk\u00f3w Polskiego Towarzystwa Mykologicznego w dniach 28-29.08.2012 4) Protok\u00f3\u0142 z posiedzenia &hellip; <a href=\"https:\/\/www.ptmyk.pl\/?page_id=401\">Czytaj dalej <span class=\"meta-nav\">&rarr;<\/span><\/a><\/p>\n","protected":false},"author":1,"featured_media":0,"parent":9,"menu_order":0,"comment_status":"closed","ping_status":"closed","template":"","meta":{"footnotes":""},"class_list":["post-401","page","type-page","status-publish","hentry"],"_links":{"self":[{"href":"https:\/\/www.ptmyk.pl\/index.php?rest_route=\/wp\/v2\/pages\/401","targetHints":{"allow":["GET"]}}],"collection":[{"href":"https:\/\/www.ptmyk.pl\/index.php?rest_route=\/wp\/v2\/pages"}],"about":[{"href":"https:\/\/www.ptmyk.pl\/index.php?rest_route=\/wp\/v2\/types\/page"}],"author":[{"embeddable":true,"href":"https:\/\/www.ptmyk.pl\/index.php?rest_route=\/wp\/v2\/users\/1"}],"replies":[{"embeddable":true,"href":"https:\/\/www.ptmyk.pl\/index.php?rest_route=%2Fwp%2Fv2%2Fcomments&post=401"}],"version-history":[{"count":73,"href":"https:\/\/www.ptmyk.pl\/index.php?rest_route=\/wp\/v2\/pages\/401\/revisions"}],"predecessor-version":[{"id":6133,"href":"https:\/\/www.ptmyk.pl\/index.php?rest_route=\/wp\/v2\/pages\/401\/revisions\/6133"}],"up":[{"embeddable":true,"href":"https:\/\/www.ptmyk.pl\/index.php?rest_route=\/wp\/v2\/pages\/9"}],"wp:attachment":[{"href":"https:\/\/www.ptmyk.pl\/index.php?rest_route=%2Fwp%2Fv2%2Fmedia&parent=401"}],"curies":[{"name":"wp","href":"https:\/\/api.w.org\/{rel}","templated":true}]}}